{"id":483,"date":"2022-04-11T16:48:37","date_gmt":"2022-04-11T16:48:37","guid":{"rendered":"http:\/\/neurologie-emmendingen.de\/?page_id=483"},"modified":"2022-04-11T16:48:37","modified_gmt":"2022-04-11T16:48:37","slug":"privatsprechstunde","status":"publish","type":"page","link":"http:\/\/neurologie-emmendingen.de\/?page_id=483","title":{"rendered":"Privatsprechstunde"},"content":{"rendered":"\n<p><strong>Privatsprechstunde<\/strong><br><br>In unserer Gemeinschaftspraxis werden Patientinnen und Patienten aller gesetzlichen und privaten Krankenkassen behandelt.<br><br>Neben den regul\u00e4ren Sprechstunden f\u00fcr gesetzlich Versicherte haben wir f\u00fcr Privatpatienten t\u00e4glich eigene Sprechzeiten etabliert. Hierbei werden unsere \u00e4rztlichen Leistungen gem\u00e4\u00df der aktuellen Fassung der Geb\u00fchrenordnung f\u00fcr \u00c4rzte (GO\u00c4) abgerechnet.<br><br>Diese Sprechstunden stehen selbstverst\u00e4ndlich auch unseren gesetzlich versicherten Patienten auf Wunsch als Selbstzahler (Abrechnung gem\u00e4\u00df GO\u00c4) f\u00fcr zus\u00e4tzliche Beratung und Diagnostik zur Verf\u00fcgung.<\/p>\n","protected":false},"excerpt":{"rendered":"<p>Privatsprechstunde In unserer Gemeinschaftspraxis werden Patientinnen und Patienten aller gesetzlichen und privaten Krankenkassen behandelt. Neben den regul\u00e4ren Sprechstunden f\u00fcr gesetzlich Versicherte haben wir f\u00fcr Privatpatienten t\u00e4glich eigene Sprechzeiten etabliert. Hierbei werden unsere \u00e4rztlichen Leistungen gem\u00e4\u00df der aktuellen Fassung der Geb\u00fchrenordnung f\u00fcr \u00c4rzte (GO\u00c4) abgerechnet. Diese Sprechstunden stehen selbstverst\u00e4ndlich auch unseren gesetzlich versicherten Patienten auf Wunsch [&hellip;]<\/p>\n","protected":false},"author":1,"featured_media":0,"parent":0,"menu_order":0,"comment_status":"closed","ping_status":"closed","template":"","meta":[],"_links":{"self":[{"href":"http:\/\/neurologie-emmendingen.de\/index.php?rest_route=\/wp\/v2\/pages\/483"}],"collection":[{"href":"http:\/\/neurologie-emmendingen.de\/index.php?rest_route=\/wp\/v2\/pages"}],"about":[{"href":"http:\/\/neurologie-emmendingen.de\/index.php?rest_route=\/wp\/v2\/types\/page"}],"author":[{"embeddable":true,"href":"http:\/\/neurologie-emmendingen.de\/index.php?rest_route=\/wp\/v2\/users\/1"}],"replies":[{"embeddable":true,"href":"http:\/\/neurologie-emmendingen.de\/index.php?rest_route=%2Fwp%2Fv2%2Fcomments&post=483"}],"version-history":[{"count":1,"href":"http:\/\/neurologie-emmendingen.de\/index.php?rest_route=\/wp\/v2\/pages\/483\/revisions"}],"predecessor-version":[{"id":484,"href":"http:\/\/neurologie-emmendingen.de\/index.php?rest_route=\/wp\/v2\/pages\/483\/revisions\/484"}],"wp:attachment":[{"href":"http:\/\/neurologie-emmendingen.de\/index.php?rest_route=%2Fwp%2Fv2%2Fmedia&parent=483"}],"curies":[{"name":"wp","href":"https:\/\/api.w.org\/{rel}","templated":true}]}}